{"id":284,"date":"2010-10-10T15:06:21","date_gmt":"2010-10-10T15:06:21","guid":{"rendered":"http:\/\/www.smalandsakademi.se\/?page_id=284"},"modified":"2025-11-28T07:59:35","modified_gmt":"2025-11-28T07:59:35","slug":"viktor-rydbergspriserna","status":"publish","type":"page","link":"http:\/\/www.smalandsakademi.se\/?page_id=284","title":{"rendered":"Viktor Rydbergspriserna"},"content":{"rendered":"<p><a href=\"http:\/\/www.smalandsakademi.se\/wp-content\/uploads\/2010\/10\/viktryd.jpg\"><img loading=\"lazy\" decoding=\"async\" class=\"alignright size-thumbnail wp-image-158\" title=\"Viktor Rydberg\" src=\"http:\/\/www.smalandsakademi.se\/wp-content\/uploads\/2010\/10\/viktryd-150x150.jpg\" alt=\"\" width=\"150\" height=\"150\" srcset=\"http:\/\/www.smalandsakademi.se\/wp-content\/uploads\/2010\/10\/viktryd-150x150.jpg 150w, http:\/\/www.smalandsakademi.se\/wp-content\/uploads\/2010\/10\/viktryd-40x40.jpg 40w\" sizes=\"auto, (max-width: 150px) 100vw, 150px\" \/><\/a>Viktor Rydberg f\u00f6ddes i J\u00f6nk\u00f6ping 1828. Han var f\u00f6rfattare och publicist. Han f\u00f6rv\u00e4rvade genom sj\u00e4lvstudier en omfattande bildning p\u00e5 kulturens alla omr\u00e5den och kallades 1884 till professor i kulturhistoria vid Stockholms h\u00f6gskola. Han blev ledamot av Svenska Akademien. Rydberg var en av 1800-talets stora diktargestalter och en inflytelserik liberal f\u00f6rk\u00e4mpe f\u00f6r humanism och tolerans.<\/p>\n<p><strong>SM\u00c5LANDS AKADEMIS VIKTOR RYDBERGSPRISER<\/strong><\/p>\n<p><strong>donerat av Christina Hamrin<\/strong><\/p>\n<p><span data-contrast=\"auto\"><i>Priserna tilldelas personer, g\u00e4rna en yngre och en \u00e4ldre, med sm\u00e5l\u00e4ndsk anknytning, som i Viktor Rydbergs frit\u00e4nkande anda har visat prov p\u00e5 driftighet inom kultur och entrepren\u00f6rskap.\u00a0<\/i>\u00a0<\/span><\/p>\n<p><span data-contrast=\"auto\">De tv\u00e5 Viktor Rydbergspriserna delas ut<\/span><span data-contrast=\"auto\"> \u00e5rligen i samband med Sm\u00e5lands <\/span><span data-contrast=\"auto\">Akademis h\u00f6gtidssammankomst.<\/span><span data-ccp-props=\"{&quot;201341983&quot;:0,&quot;335559739&quot;:160,&quot;335559740&quot;:259}\">\u00a0<\/span><\/p>\n<p><span data-contrast=\"auto\">Prissumman beslutas av Sm\u00e5lands akademi men ska under \u00e5tminstone de tre f\u00f6rsta \u00e5ren vara; <\/span><span data-contrast=\"auto\">2 x 100 000 kronor och delas ut med start \u00e5r 2022.\u00a0<\/span><\/p>\n<p>(F\u00f6re 2022 g\u00e4llde: Priset p\u00e5 75000 kr (f\u00f6re 2010 50000 kr), delades tidigare ut var tredje \u00e5r d\u00e5 Sm\u00e5lands akademis h\u00f6gtidssammankomst \u00e4ger rum i J\u00f6nk\u00f6ping. Det avser uppm\u00e4rksamma det sm\u00e5l\u00e4ndska kulturlivet i hela dess bredd. Pristagarna skall ha verkat i v\u00e5rt eget landskap och b\u00f6r vara bosatt i ett av de tre sm\u00e5landsl\u00e4nen. Priset sponsrades ac Hallmedia.)<\/p>\n<p style=\"font-weight: 400;\"><strong>2025 Rakel Chukri <\/strong><\/p>\n<p style=\"font-weight: 400;\">F\u00f6r en journalistisk g\u00e4rning, som med skarp blick, varm energi och uttrycksfull spr\u00e5kdr\u00e4kt l\u00e5ter pennan bli en etisk kompassn\u00e5l i flera av tidens viktiga fr\u00e5gor.<\/p>\n<p><a href=\"http:\/\/www.smalandsakademi.se\/wp-content\/uploads\/2025\/11\/Hogtidstal-Rakel-Chukri.pdf\">Ho\u0308gtidstal Rakel Chukri<\/a><\/p>\n<p style=\"font-weight: 400;\"><strong>2025 Asl\u0131 Ceren Aslan <\/strong><\/p>\n<p style=\"font-weight: 400;\">F\u00f6r sitt stora journalistiska mod och brinnande intresse att ber\u00e4tta sanningen och f\u00f6r kampen mot alla former av f\u00f6rtryck, ett riskfyllt arbete som har inneburit ett liv i exil. I Sverige forts\u00e4tter hennes engagemang f\u00f6r tanke- och yttrandefrihet, kvinnors och hbtqi-personers r\u00e4ttigheter.<br \/>\n<a href=\"http:\/\/www.smalandsakademi.se\/wp-content\/uploads\/2025\/11\/Tal-till-Asli-Ceren-Aslan.pdf\">Tal till Asli Ceren Aslan<\/a><\/p>\n<p><strong>2024 Christer och Margareta Petersson<\/strong><\/p>\n<p>F\u00f6r deras m\u00e5ng\u00e5riga, lysande g\u00e4rning att \u2013 genom b\u00f6cker och kursverksamhet och med poesi och sk\u00f6nlitteratur som verktyg \u2013 bygga broar mellan medicin och humaniora och d\u00e4rmed fr\u00e4mja en f\u00f6rdjupad och mer holistisk m\u00e4nniskosyn i den svenska sjukv\u00e5rden.<\/p>\n<p><strong>2024 Negra Efendi\u0107\u00a0<\/strong><\/p>\n<p>F\u00f6r angel\u00e4gen och ber\u00f6rande journalistik d\u00e4r \u00e4ven egna erfarenheter f\u00e5tt ta plats.<br \/>\n<a href=\"http:\/\/www.smalandsakademi.se\/wp-content\/uploads\/2024\/11\/Kara-Negra-2024-11-18-16_07_40.docx\">Tal till Negra Efend\u00ed\u0107<\/a><\/p>\n<p><strong>2023 <\/strong><strong>Tore Lund<\/strong><\/p>\n<p>F\u00f6r hans privata initiativ och starka engagemang f\u00f6r att idag sprida k\u00e4nnedom om Viktor Rydbergs liv, g\u00e4rning och betydelse.<br \/>\n<em><a href=\"http:\/\/www.smalandsakademi.se\/wp-content\/uploads\/2023\/11\/Tal-till-Tore-Lund.docx\">Tal till Tore Lund<\/a><\/em><\/p>\n<p><strong>2023 <\/strong><strong>Kosovare<\/strong><strong>\u00a0<\/strong><strong>Asllani<\/strong><\/p>\n<p>Med r\u00f6tter i Vimmerby k\u00e4mpar hon inte bara f\u00f6r att vinna bollen. Modigt och osj\u00e4lviskt anv\u00e4nder Kosovare Asllani ocks\u00e5 sina internationella framg\u00e5ngar n\u00e4r hon driver fr\u00e5gor som or\u00e4ttvisor och ologiska skillnader i kvinnors och m\u00e4ns f\u00f6ruts\u00e4ttningar inom idrotten.<br \/>\n<a href=\"http:\/\/www.smalandsakademi.se\/wp-content\/uploads\/2023\/11\/Tal-till-Kosovare-Asllani.docx\"><em>Tal till Kosovare Asllani<\/em><\/a><\/p>\n<div style=\"width: 590px;\" class=\"wp-video\"><video class=\"wp-video-shortcode\" id=\"video-284-1\" width=\"590\" height=\"334\" preload=\"metadata\" controls=\"controls\"><source type=\"video\/mp4\" src=\"http:\/\/www.smalandsakademi.se\/wp-content\/uploads\/2023\/11\/VIDEO-2023-11-08-17-26-04.mp4?_=1\" \/><a href=\"http:\/\/www.smalandsakademi.se\/wp-content\/uploads\/2023\/11\/VIDEO-2023-11-08-17-26-04.mp4\">http:\/\/www.smalandsakademi.se\/wp-content\/uploads\/2023\/11\/VIDEO-2023-11-08-17-26-04.mp4<\/a><\/video><\/div>\n<p><strong>2022 Eric Luth<br \/>\n<\/strong>F\u00f6rankrad i sm\u00e5l\u00e4ndsk mylla, men med nyfiken blick mot omv\u00e4rlden, verkar Eric Luth i Viktor Rydbergs liberala anda. Fr\u00e5n hans unga penna flyter initierade kulturtexter och politiska kommentarer. Genom hans arbete f\u00f6r Wikipedia blir v\u00e4rlden n\u00e5got mindre och mer begriplig.<br \/>\n<em><a href=\"http:\/\/www.smalandsakademi.se\/wp-content\/uploads\/2022\/11\/Tal-Eric-Luth.docx\">Tal Eric Luth<\/a><\/em><\/p>\n<p><strong>2022 Anna Melle<br \/>\n<\/strong>Med gedigen egen erfarenhet som svenskassyrier sedan 38 \u00e5r, skriver och f\u00f6rel\u00e4ser Anna Melle. Likt en solfj\u00e4der breder \u00e4mnena ut sig bland kulturm\u00f6ten och kulturkrockar. Med sin m\u00e5ngkunnighet har hon drabbat lyssnare och l\u00e4sare fr\u00e5n stora delar av det offentliga Sverige, men vi andra f\u00e5r ocks\u00e5 tal del av hennes livsresa i romanform och via hennes ber\u00e4ttelser f\u00f6r barn och vuxna.<br \/>\n<em><a href=\"http:\/\/www.smalandsakademi.se\/wp-content\/uploads\/2022\/11\/2022-1112-Anna-Melles-tal-i-Kristine-kyrkan-HEMSIDAN.pdf\">Anna Melles tacktal i Kristine kyrka<\/a><\/em><\/p>\n<p><strong>2019 \u00c5sa Jungnelius<br \/>\n<\/strong>F\u00f6r sitt mod att utmana den traditionella formgivningen av det sm\u00e5l\u00e4ndska glaset. Precis som Viktor Rydbergs f\u00f6rfattarskap sp\u00e4nner \u00f6ver m\u00e5nga genrer, sp\u00e4nner \u00e5rets pristagare \u00f6ver ett brett spektrum av \u00e4mnen kopplade till glas och glaskonst. \u00c5sa Jungnelius konst \u00e4r uppk\u00e4ftig, skapar uppm\u00e4rksamhet och ber\u00f6r, precis s\u00e5 som konst ska g\u00f6ra. Hon h\u00f6r till samtidens mest uppm\u00e4rksammade svenska konstn\u00e4rer<strong><br \/>\n<\/strong><\/p>\n<p><strong>2016 Majgull Axelsson<\/strong><br \/>\nF\u00f6rfattaren Majgull Axelsson tilldelas Viktor Rydbergpriset f\u00f6r sitt stilistiskt goda och socialt engagerade f\u00f6rfattarskap som ligger v\u00e4l i linje med Rydbergs frit\u00e4nkande humanism. P\u00e5taglig \u00e4r kopplingen mellan Rydbergs\u00a0Singoalla\u00a0och Axelssons\u00a0Jag heter inte Miriam, vilka b\u00e5da lyfter fram den f\u00f6rtryckta romska folkgruppen. Axelssons sm\u00e5l\u00e4ndska anknytning blir tydlig, inte minst genom att handlingen ofta \u00e4r f\u00f6rlagd till platser i landskapet som beskrivs med l\u00e4tt igenk\u00e4nnbara detaljer.<\/p>\n<p><em><a href=\"http:\/\/www.smalandsakademi.se\/wp-content\/uploads\/2010\/10\/Tal-till-Majgull-Axelsson.docx\">Tal till Majgull Axelsson<\/a><\/em><\/p>\n<p>Pristagarnas tacktal:\u00a0<em><a href=\"http:\/\/www.smalandsakademi.se\/wp-content\/uploads\/2010\/10\/H\u00d6GTIDSTAL.docx\">Anf\u00f6rande av Majgull Axelsson<\/a><\/em><\/p>\n<p><strong>2013\u00a0Per Ryd\u00e9n<i><br \/>\n<\/i><\/strong>Ryd\u00e9n \u00e4r professor emeritus i litteraturvetenskap, pressforskare och f\u00f6rfattare. Ryd\u00e9n har, liksom Rydberg, varit verksam b\u00e5de inom litteraturens och pressens f\u00e4lt och s\u00e4rskilt behandlat den tid d\u00e5 Rydberg verkade och det kulturella och andliga klimat som d\u00e5 r\u00e5dde. Som presshistoriker har Per Ryd\u00e9n varit en av huvudredakt\u00f6rerna f\u00f6r\u00a0<i>Den svenska pressens historia.\u00a0<\/i>Han f\u00e5r priset f\u00f6r en enast\u00e5ende g\u00e4rning inom svensk litteratur- och presshistoria och f\u00f6r ett personligt pr\u00e4glat f\u00f6rfattarskap i Viktor Rydbergs anda.\u00a0<em><a href=\"http:\/\/www.smalandsakademi.se\/wp-content\/uploads\/2010\/10\/Tal-till-Per-Ryd\u00e9n.pdf\">Tal till Per Ryd\u00e9n<\/a><\/em><\/p>\n<p>Pristagarnas tacktal:\u00a0<em><a href=\"http:\/\/www.smalandsakademi.se\/wp-content\/uploads\/2015\/02\/Min-Rydberg.pdf\">Min Rydberg<\/a><\/em><\/p>\n<p><strong>2010 G\u00f6ran Rosenberg<br \/>\n<\/strong>Han har under m\u00e5nga \u00e5r varit en s\u00e4llsam och inspirerande r\u00f6st i det svenska mediebruset. Han \u00e4r en modig journalist och en v\u00e4l-formulerad f\u00f6rfattare till flera b\u00f6cker bland vilka Det f\u00f6rlorade landet blivit en klassiker. I sin str\u00e4van efter saklighet och pedagogik har han tagit sig an sv\u00e5ra fr\u00e5gor i dagsdebatten. Fr\u00e5n V\u00e5rt behov av r\u00e4ttvisa, Nationen p\u00e5 gott och ont, Om den globaliserade ekonomin till Gud \u00e4r inte d\u00f6d. G\u00f6ran Rosenberg \u00e4r v\u00e4l inl\u00e4st p\u00e5 de sv\u00e5rgripbara internationella konflikterna och har f\u00f6rmedlat sina genomt\u00e4nkta st\u00e4llningstaganden som medarbetare i radio, television och dagspress. Liksom Viktor Rydberg en g\u00e5ng skrev om de utst\u00f6tta i samh\u00e4llet och m\u00f6ten mellan olika kulturer har G\u00f6ran Rosenberg i olika sammanhang givit r\u00f6st \u00e5t de utsatta, oavsett om de bor i USA, Israel, Palestina eller Sverige.<\/p>\n<p><strong>2007 Josef Ryd\u00e9n<\/strong><br \/>\nF\u00f6r en g\u00e4rning som suver\u00e4nt kombinerar vetenskaplig f\u00f6rankring, pedagogisk uppl\u00e4ggning och spr\u00e5klig tillg\u00e4nglighet. Han utvecklar f\u00f6rd\u00f6mligt en ansvarstagande historieanv\u00e4ndning p\u00e5 skilda arenor, fr\u00e5n lokalsamh\u00e4llets skolarbete, f\u00f6rfattande av stads- och l\u00e4nshistoria, n\u00e4ringslivshistoria till framg\u00e5ngsrik organisering av Sveriges hembygdsf\u00f6rbund.<\/p>\n<p><strong>2004 Viktor Rydberg-museet i J\u00f6nk\u00f6ping<br \/>\n<\/strong> F\u00f6r en entusiastisk och uth\u00e5llig arbetsinsats som h\u00e5llit Rydbergminnet levande i f\u00f6rfattarens f\u00f6delsestad.<\/p>\n","protected":false},"excerpt":{"rendered":"<p>Viktor Rydberg f\u00f6ddes i J\u00f6nk\u00f6ping 1828. Han var f\u00f6rfattare och [&hellip;]<\/p>\n","protected":false},"author":1,"featured_media":0,"parent":0,"menu_order":0,"comment_status":"open","ping_status":"closed","template":"","meta":{"footnotes":""},"class_list":["post-284","page","type-page","status-publish","hentry"],"_links":{"self":[{"href":"http:\/\/www.smalandsakademi.se\/index.php?rest_route=\/wp\/v2\/pages\/284","targetHints":{"allow":["GET"]}}],"collection":[{"href":"http:\/\/www.smalandsakademi.se\/index.php?rest_route=\/wp\/v2\/pages"}],"about":[{"href":"http:\/\/www.smalandsakademi.se\/index.php?rest_route=\/wp\/v2\/types\/page"}],"author":[{"embeddable":true,"href":"http:\/\/www.smalandsakademi.se\/index.php?rest_route=\/wp\/v2\/users\/1"}],"replies":[{"embeddable":true,"href":"http:\/\/www.smalandsakademi.se\/index.php?rest_route=%2Fwp%2Fv2%2Fcomments&post=284"}],"version-history":[{"count":33,"href":"http:\/\/www.smalandsakademi.se\/index.php?rest_route=\/wp\/v2\/pages\/284\/revisions"}],"predecessor-version":[{"id":2088,"href":"http:\/\/www.smalandsakademi.se\/index.php?rest_route=\/wp\/v2\/pages\/284\/revisions\/2088"}],"wp:attachment":[{"href":"http:\/\/www.smalandsakademi.se\/index.php?rest_route=%2Fwp%2Fv2%2Fmedia&parent=284"}],"curies":[{"name":"wp","href":"https:\/\/api.w.org\/{rel}","templated":true}]}}