{"id":12,"date":"2010-09-19T17:04:16","date_gmt":"2010-09-19T17:04:16","guid":{"rendered":"http:\/\/www.smalandsakademi.se\/?page_id=12"},"modified":"2019-04-25T14:10:59","modified_gmt":"2019-04-25T14:10:59","slug":"stadgar","status":"publish","type":"page","link":"https:\/\/www.smalandsakademi.se\/?page_id=12","title":{"rendered":"Stadgar"},"content":{"rendered":"<p>antagna den 13 november 1993, reviderade den 11 november 1995, den 9 november 1996, den 24 april 1999 samt den 12 november 2005.<\/p>\n<p><strong>\u00a7 1. Akademins syfte<\/strong><\/p>\n<p>Syftet med Sm\u00e5lands Akademi, som har sitt s\u00e4te i V\u00e4xj\u00f6, \u00e4r att sprida glans och ljus \u00f6ver den sm\u00e5l\u00e4ndska vitterheten samt att fr\u00e4mja den sm\u00e5l\u00e4ndska identiteten.<\/p>\n<p>Akademins motto \u00e4r <em>Snille och envishet.<\/em><\/p>\n<p><strong>\u00a7 2. Ledam\u00f6ter <\/strong><\/p>\n<p>Akademin best\u00e5r av arton ledam\u00f6ter. Vid vakans sker inval efter f\u00f6rslag fr\u00e5n ledamot.<\/p>\n<p>Ledamot som p\u00e5 grund av \u00e5lder eller annan anledning vill l\u00e4mna sin stol i Akademin kan g\u00f6ra detta efter skriftlig framst\u00e4llning. Vederb\u00f6rande kan utses till seniorledamot. Seniorledam\u00f6ter \u00e4r med yttrande- och f\u00f6rslagsr\u00e4tt adjungerade till Akademins sammantr\u00e4den.<\/p>\n<p>Efter f\u00f6rslag berett av Verkst\u00e4llande utskottet (VU) kan Akademin utse korresponderande ledam\u00f6ter, vilka kan adjungeras till Akademins sammantr\u00e4den.<\/p>\n<p>&nbsp;<\/p>\n<p><strong>\u00a7 3. Verksamhetsform<\/strong><\/p>\n<p>Akademin \u00e4r en ideell f\u00f6rening.<\/p>\n<p><strong>\u00a7 4. Verksamhets\u00e5r<\/strong><\/p>\n<p>Akademins verksamhets\u00e5r sammanfaller med kalender\u00e5ret.<\/p>\n<p>&nbsp;<\/p>\n<p><strong>\u00a7 5. Sammantr\u00e4den<\/strong><\/p>\n<p>Akademin har tv\u00e5 ordinarie sammantr\u00e4den \u00e5rligen. Arbetssammantr\u00e4det h\u00e5lls under f\u00f6rsta halv\u00e5ret och \u00e4r tillika \u00e5rsm\u00f6te.<\/p>\n<p>H\u00f6stsammantr\u00e4det \u00e4ger rum i anslutning till h\u00f6gtidssammankomsten som h\u00e5lls p\u00e5 Esaias Tegn\u00e9rs f\u00f6delsedag den 13 november eller p\u00e5 den l\u00f6rdag som infaller n\u00e4rmast f\u00f6re eller efter denna dag. Om m\u00f6jligt alternerar detta sammantr\u00e4de mellan V\u00e4xj\u00f6, J\u00f6nk\u00f6ping och Kalmar.<\/p>\n<p>&nbsp;<\/p>\n<p><strong>\u00a7 6. \u00c4renden vid \u00e5rsm\u00f6tet<\/strong><\/p>\n<ol>\n<li>Verksamhetsber\u00e4ttelse avgiven av VU.<\/li>\n<li>Revisorernas ber\u00e4ttelse<\/li>\n<li>Fr\u00e5ga om ansvarsfrihet f\u00f6r VU och kassaf\u00f6rvaltaren<\/li>\n<li>Val av ledam\u00f6ter i VU enligt \u00a7 8<\/li>\n<li>Val av tv\u00e5 revisorer j\u00e4mte en suppleant f\u00f6r en tid av ett \u00e5r<\/li>\n<li>Val av valberedning f\u00f6r interna val f\u00f6r en tid av tre \u00e5r<\/li>\n<li>\u00d6vriga \u00e4renden<\/li>\n<\/ol>\n<p><strong>\u00a7 7. Beslutsfattande<\/strong><\/p>\n<p>De arton ledam\u00f6terna har var sin r\u00f6st. Alla fr\u00e5gor avg\u00f6rs med enkel majoritet. Vid lika r\u00f6stetal vinner den mening preses bitr\u00e4der utom vid inval i och val inom Akademin d\u00e5 lotten avg\u00f6r.<\/p>\n<p>&nbsp;<\/p>\n<p>&nbsp;<\/p>\n<p><strong>\u00a7 8. Verkst\u00e4llande utskott<\/strong><\/p>\n<p>Akademin utser en styrelse ben\u00e4mnd Verkst\u00e4llande utskott (VU). Denna best\u00e5r av preses, vice preses, sekreterare och ytterligare tv\u00e5 ledam\u00f6ter. Vidare v\u00e4ljs tv\u00e5 suppleanter och beslutas om i vilken ordning de skall kallas till tj\u00e4nstg\u00f6ring. Mandattiden \u00e4r tre \u00e5r och l\u00f6per fr\u00e5n \u00e5rsm\u00f6te till \u00e5rsm\u00f6te.<\/p>\n<p><strong>\u00a7 9. Akademins uppl\u00f6sning<\/strong><\/p>\n<p>Akademin kan uppl\u00f6sas genom likalydande beslut vid tv\u00e5 p\u00e5 varandra f\u00f6ljande ordinarie sammantr\u00e4den. Efter uppl\u00f6sningen \u00f6verl\u00e4mnas protokoll och andra handlingar till Kronobergsarkivet medan \u00f6vriga eventuella tillg\u00e5ngar tillfaller V\u00e4xj\u00f6 universitet, om inte annat beslut fattas h\u00e4rom.<\/p>\n<p><strong>\u00a7 10. Stadge\u00e4ndring<\/strong><\/p>\n<p>Beslut om \u00e4ndring av dessa stadgar kan fattas efter f\u00f6rslag som beretts av verkst\u00e4llande utskottet. \u00c4ndring av syftesparagrafen och uppl\u00f6sningsparagarafen kr\u00e4ver dock likalydande beslut vid tv\u00e5 p\u00e5 varandra f\u00f6ljande ordinarie sammantr\u00e4den.<\/p>\n<p>&nbsp;<\/p>\n<p><a href=\"http:\/\/www.smalandsakademi.se\/wp-content\/uploads\/2019\/04\/Stadgar-SMAK.pdf\">Stadgar SMAK<\/a><\/p>\n","protected":false},"excerpt":{"rendered":"<p>antagna den 13 november 1993, reviderade den 11 november 1995, [&hellip;]<\/p>\n","protected":false},"author":1,"featured_media":0,"parent":0,"menu_order":0,"comment_status":"open","ping_status":"open","template":"","meta":{"footnotes":""},"class_list":["post-12","page","type-page","status-publish","hentry"],"_links":{"self":[{"href":"https:\/\/www.smalandsakademi.se\/index.php?rest_route=\/wp\/v2\/pages\/12","targetHints":{"allow":["GET"]}}],"collection":[{"href":"https:\/\/www.smalandsakademi.se\/index.php?rest_route=\/wp\/v2\/pages"}],"about":[{"href":"https:\/\/www.smalandsakademi.se\/index.php?rest_route=\/wp\/v2\/types\/page"}],"author":[{"embeddable":true,"href":"https:\/\/www.smalandsakademi.se\/index.php?rest_route=\/wp\/v2\/users\/1"}],"replies":[{"embeddable":true,"href":"https:\/\/www.smalandsakademi.se\/index.php?rest_route=%2Fwp%2Fv2%2Fcomments&post=12"}],"version-history":[{"count":7,"href":"https:\/\/www.smalandsakademi.se\/index.php?rest_route=\/wp\/v2\/pages\/12\/revisions"}],"predecessor-version":[{"id":1290,"href":"https:\/\/www.smalandsakademi.se\/index.php?rest_route=\/wp\/v2\/pages\/12\/revisions\/1290"}],"wp:attachment":[{"href":"https:\/\/www.smalandsakademi.se\/index.php?rest_route=%2Fwp%2Fv2%2Fmedia&parent=12"}],"curies":[{"name":"wp","href":"https:\/\/api.w.org\/{rel}","templated":true}]}}