{"id":213,"date":"2010-10-07T10:55:08","date_gmt":"2010-10-07T10:55:08","guid":{"rendered":"http:\/\/www.smalandsakademi.se\/?page_id=213"},"modified":"2023-11-02T08:18:09","modified_gmt":"2023-11-02T08:18:09","slug":"publikationer","status":"publish","type":"page","link":"https:\/\/www.smalandsakademi.se\/?page_id=213","title":{"rendered":"Tryck"},"content":{"rendered":"<p><strong>Skrifter utgivna av Sm\u00e5lands Akademi<\/strong><\/p>\n<p>Marian Ull\u00e9n (red.), <em>Under det h\u00f6ga valvet. En Tegn\u00e9rbok<\/em>. Stockholm 1996<\/p>\n<p>Ulla Hallstr\u00f6m (red.), <em>Sm\u00e5l\u00e4nningar med r\u00f6tter i fj\u00e4rran land<\/em>, V\u00e4xj\u00f6 2000<\/p>\n<p>Ulla Hallstr\u00f6m (red.), <em>Hemma i fr\u00e4mmande land<\/em>, V\u00e4xj\u00f6 2001<\/p>\n<p><em>Jag, Abedin Sinani \u2013 en s\u00e5 kallad invandrare.<br \/>\nEn liten \u201dflyktingbok\u201d till\u00e4gnad b\u00e5de gamla och nya landsm\u00e4n<\/em>, V\u00e4xj\u00f6 2002<\/p>\n<p>Anders Johansson (red.), <em>Platser i livet<\/em>, Kalmar 2003<\/p>\n<p>Lars-Olof Larsson (red.), <em>Linn\u00e9. En sm\u00e5l\u00e4ndsk resa<\/em>, Stockholm 2006<\/p>\n<p>Elisabeth Hjortvid och Brigitte K\u00fchne (red.),\u00a0<em>Sm\u00e5l\u00e4ndska ord &amp; l\u00e4ten<\/em>, V\u00e4xj\u00f6 2010<\/p>\n<p>Olle Wingborg, <em>Litteratur om sm\u00e5l\u00e4ndska dialekter. Ett urval<\/em>, 2010. <a href=\"http:\/\/www.smalandsakademi.se\/wp-content\/uploads\/2010\/10\/Dialekt-ett-urval.pdf\">Pdf<\/a><\/p>\n<p>Magnus Gustafsson, Ingrid Nettervik (red) Sm\u00e5l\u00e4ndska f\u00f6rebilder &amp; f\u00f6reg\u00e5ngare, V\u00e4xj\u00f6 2011\u00a0\u00a0\u00a0\u00a0\u00a0\u00a0 150 kr\u00a0(Best\u00e4llning kan g\u00f6ras genom akademins sekreterare Erik Lindfelt)<\/p>\n<p><a href=\"http:\/\/votumforlag.se\/produkt\/smaland-en-karleksforklaring\/\"><em>Sm\u00e5land. En k\u00e4rleksf\u00f6rklaring<\/em><\/a>.\u00a0Stefan Edman (red.), Votum &amp; Gullers, Karlstad, 2014.<\/p>\n<p><a href=\"https:\/\/votumforlag.se\/produkt\/ur-smalands-skafferi\/\">Ur Sm\u00e5lands skafferi: folk, f\u00f6da och f\u00e4rdigheter.<\/a> Birgit Carlst\u00e9n och Cecilia Davidsson (red.), Votum, 2018.<\/p>\n<p><span style=\"text-decoration: underline;\">Sm\u00e5lands Akademis skriftserie<\/span><\/p>\n<p>Nr 1: <em>Sm\u00e5land under nya stj\u00e4rnor. Tal och orationer h\u00e5llna vid stiftandet av Sm\u00e5lands Akademi l\u00f6rdagen den 13 november 1993 i V\u00e4xj\u00f6 Domkyrka. Pristagare. Stadgar samt f\u00f6rteckning \u00f6ver ledam\u00f6ter<\/em>, V\u00e4xj\u00f6 1993<\/p>\n<p>Nr 2: <em>I Sm\u00e5lands himmel vi oss alla gl\u00e4der. Tal och orationer h\u00e5llna vid h\u00f6gtidssammankomst med Sm\u00e5lands Akademi, l\u00f6rdagen den 12 november 1994 i V\u00e4xj\u00f6 domkyrka. Pristagare och f\u00f6rteckning \u00f6ver ledam\u00f6terna<\/em>, V\u00e4xj\u00f6 1994<\/p>\n<p>Nr 3: <em>Sm\u00e5land \u2013 v\u00e5r provins i o\u00e4ndligheten. Tal och orationer h\u00e5llna vid h\u00f6gtidssammankomst med Sm\u00e5lands Akademi, l\u00f6rdagen den 11 november 1995, Pristagare och f\u00f6rteckning \u00f6ver ledam\u00f6ter<\/em>, Susanne Wigorts Yngvesson (red.), V\u00e4xj\u00f6 1995<\/p>\n<p>Nr 4: <em>Tegn\u00e9r finns hos oss. Tal och orationer h\u00e5llna vid h\u00f6gtidssammankomsten den 9 november 1996 i V\u00e4xj\u00f6 domkyrka<\/em>, Inger M\u00f6ller (red.), V\u00e4xj\u00f6 1996<\/p>\n<p>Nr 5: <em>Sagov\u00e4v och dr\u00f6mtyg v\u00e4ver man om natten. Tal och orationer h\u00e5llna vid h\u00f6gtidssammankomsten den 15 november 1997<\/em>, V\u00e4xj\u00f6 1997<\/p>\n<p>Nr 6: <em>Vad vore v\u00e4rlden utan V\u00e4rnamo? Tal vid h\u00f6gtidssammankomsten den 25 april 1998 i Mariakyrkan V\u00e4rnamo<\/em>, Stig Tornehed (red.), V\u00e4xj\u00f6 1998<\/p>\n<p>Nr 7: <em>S\u00f6kandet \u00e4r v\u00e5ra liv. . Tal och orationer h\u00e5llna vid h\u00f6gtidssammankomsten den 14 november 1998<\/em>, Stig Tornehed (red.), V\u00e4xj\u00f6 1998<\/p>\n<p>Nr 8: <em>\u201dVi formas till m\u00e4nniskor\u201d. . Tal och orationer h\u00e5llna vid h\u00f6gtidssammankomsten den 13 november 1999 i V\u00e4xj\u00f6 domkyrka<\/em>, Ulf Beijbom och Stig Tornehed (red.), V\u00e4xj\u00f6 1999<\/p>\n<p>Nr 9: <em>Migrationen \u00f6ppnar gr\u00e4nserna. . Tal och orationer h\u00e5llna vid h\u00f6gtidssammankomsten den 11 november 2000 V\u00e4xj\u00f6 domkyrka<\/em>, Hel\u00e9n Ljungryd \u2013Aguilar och Brigitte K\u00fchne (red.), V\u00e4xj\u00f6 2001<\/p>\n<p>Nr 10: <em>Att st\u00e5 det onda emot<\/em>, Hel\u00e9n Ljungryd \u2013Aguilar och Ingrid Nettervik (red.), V\u00e4xj\u00f6 2003<\/p>\n<p>Nr 11: <em>Sm\u00e5l\u00e4ndska v\u00e4gm\u00e4rken i Sverige och i v\u00e4rlden<\/em>, Ingrid Nettervik (red.), V\u00e4xj\u00f6 2005<\/p>\n<p>Nr 12: <em>Skiftningar och dagrar i ett m\u00e5ngkulturellt Sverige<\/em>, Ingrid Nettervik (red.) V\u00e4xj\u00f6 2007<\/p>\n<p>Nr 13: <em>Snille och envishet. Sm\u00e5lands Akademi 1993-2008<\/em>, Stig Tornehed, V\u00e4xj\u00f6 2008. Pdf Sm\u00e5skrift\u00a0<a href=\"http:\/\/www.smalandsakademi.se\/wp-content\/uploads\/2010\/10\/smakhistorik.pdf\">13<\/a><\/p>\n<p>Nr: 14: <em>Tro och otro i Linn\u00e9s ljusa och m\u00f6rka Sm\u00e5land<\/em>, Ingrid Nettervik (red.), V\u00e4xj\u00f6 2009. Pdf Sm\u00e5skrift\u00a0<a href=\"http:\/\/www.smalandsakademi.se\/wp-content\/uploads\/2010\/10\/skrift14.pdf\">14<\/a><\/p>\n<p>Nr 15:\u00a0<em>Ordets makt och kulturarvets kraft,\u00a0<\/em>Ingrid Nettervik (red.), V\u00e4xj\u00f6 2011. Pdf\u00a0<a href=\"http:\/\/www.smalandsakademi.se\/wp-content\/uploads\/2010\/10\/Sm\u00e5skrift-15.pdf\">Sm\u00e5skrift 15<\/a><\/p>\n<p>Nr 16:\u00a0<em>Lojal integritet och kamp mot sexuellt v\u00e5ld<\/em>, Ingrid Nettervik (red.), V\u00e4xj\u00f6 2013. Pdf\u00a0<a href=\"http:\/\/www.smalandsakademi.se\/wp-content\/uploads\/2013\/11\/Br\u00f6dtext.pdf\">Skrift 16<\/a><\/p>\n<p>Nr 17:\u00a0<em>Snille och envishet. Sm\u00e5lands Akademi 1993-2018<\/em>, Stig Tornehed och Ingrid Nettervik, V\u00e4xj\u00f6 2018. Pdf\u00a0<a href=\"http:\/\/www.smalandsakademi.se\/wp-content\/uploads\/2018\/11\/smakhistorik2018.pdf\">Sm\u00e5lands Akademis Skriftserie 17<\/a><\/p>\n<p>Nr 18: <em>Snille och envishet. Sm\u00e5lands Akademi 1993-2023<\/em>, Stig Tornehed, Ingrid Nettervik och Erik Lindfelt, V\u00e4xj\u00f6 2018. Pdf <a href=\"http:\/\/www.smalandsakademi.se\/wp-content\/uploads\/2023\/11\/smakhistorik_18.pdf\">Sm\u00e5lands Akademis Skriftserie 18<\/a><\/p>\n<hr \/>\n<p>Olle Wingborg,<em> Litteratur av Jan Arvid Hellstr\u00f6m. Bibliografisk f\u00f6rteckning<\/em>, V\u00e4xj\u00f6 1996<\/p>\n<p>Samtliga nummer i skriftserien pris 40:-<\/p>\n","protected":false},"excerpt":{"rendered":"<p>Skrifter utgivna av Sm\u00e5lands Akademi Marian Ull\u00e9n (red.), Under det [&hellip;]<\/p>\n","protected":false},"author":1,"featured_media":0,"parent":0,"menu_order":0,"comment_status":"open","ping_status":"open","template":"","meta":{"footnotes":""},"class_list":["post-213","page","type-page","status-publish","hentry"],"_links":{"self":[{"href":"https:\/\/www.smalandsakademi.se\/index.php?rest_route=\/wp\/v2\/pages\/213","targetHints":{"allow":["GET"]}}],"collection":[{"href":"https:\/\/www.smalandsakademi.se\/index.php?rest_route=\/wp\/v2\/pages"}],"about":[{"href":"https:\/\/www.smalandsakademi.se\/index.php?rest_route=\/wp\/v2\/types\/page"}],"author":[{"embeddable":true,"href":"https:\/\/www.smalandsakademi.se\/index.php?rest_route=\/wp\/v2\/users\/1"}],"replies":[{"embeddable":true,"href":"https:\/\/www.smalandsakademi.se\/index.php?rest_route=%2Fwp%2Fv2%2Fcomments&post=213"}],"version-history":[{"count":33,"href":"https:\/\/www.smalandsakademi.se\/index.php?rest_route=\/wp\/v2\/pages\/213\/revisions"}],"predecessor-version":[{"id":1778,"href":"https:\/\/www.smalandsakademi.se\/index.php?rest_route=\/wp\/v2\/pages\/213\/revisions\/1778"}],"wp:attachment":[{"href":"https:\/\/www.smalandsakademi.se\/index.php?rest_route=%2Fwp%2Fv2%2Fmedia&parent=213"}],"curies":[{"name":"wp","href":"https:\/\/api.w.org\/{rel}","templated":true}]}}